{"id":108356,"date":"2025-04-03T17:29:45","date_gmt":"2025-04-03T15:29:45","guid":{"rendered":"https:\/\/www.indianridersfest.eu\/?page_id=108356"},"modified":"2026-03-05T07:53:35","modified_gmt":"2026-03-05T06:53:35","slug":"cs-indian-ladies-first","status":"publish","type":"page","link":"https:\/\/www.indianridersfest.eu\/cs\/cs-indian-ladies-first\/","title":{"rendered":"Indian Ladies First"},"content":{"rendered":"<p>[et_pb_section fb_built=&#8220;1&#8243; _builder_version=&#8220;4.27.5&#8243; _module_preset=&#8220;default&#8220; background_color=&#8220;#000000&#8243; background_image=&#8220;http:\/\/www.indianridersfest.eu\/wp-content\/uploads\/2026\/03\/header_1920-ladies-1.jpg&#8220; height=&#8220;370px&#8220; max_height=&#8220;370px&#8220; custom_margin=&#8220;0px||0px||false|false&#8220; custom_padding=&#8220;50px||50px||false|false&#8220; global_colors_info=&#8220;{}&#8220;][et_pb_row _builder_version=&#8220;4.27.0&#8243; _module_preset=&#8220;default&#8220; width=&#8220;85%&#8220; global_colors_info=&#8220;{}&#8220;][et_pb_column type=&#8220;4_4&#8243; _builder_version=&#8220;4.16&#8243; _module_preset=&#8220;default&#8220; global_colors_info=&#8220;{}&#8220;][et_pb_text _builder_version=&#8220;4.27.5&#8243; _module_preset=&#8220;default&#8220; header_3_font=&#8220;|700|||||||&#8220; header_3_text_color=&#8220;#FFFFFF&#8220; header_3_font_size=&#8220;25px&#8220; custom_margin=&#8220;||5px||false|false&#8220; text_font_size_tablet=&#8220;&#8220; text_font_size_phone=&#8220;9px&#8220; text_font_size_last_edited=&#8220;on|phone&#8220; header_text_shadow_style=&#8220;preset1&#8243; header_text_shadow_color=&#8220;#000000&#8243; header_3_text_shadow_style=&#8220;preset1&#8243; global_colors_info=&#8220;{}&#8220;]<\/p>\n<h3>INDIAN LADIES FIRST &#8211; IRF<\/h3>\n<p>[\/et_pb_text][\/et_pb_column][\/et_pb_row][\/et_pb_section][et_pb_section fb_built=&#8220;1&#8243; admin_label=&#8220;Hero Section&#8220; _builder_version=&#8220;4.27.0&#8243; background_enable_color=&#8220;off&#8220; background_enable_image=&#8220;off&#8220; background_size=&#8220;initial&#8220; background_position=&#8220;bottom_left&#8220; custom_margin=&#8220;20px||20px||false|false&#8220; custom_padding=&#8220;0px||0px||false|false&#8220; bottom_divider_height_tablet=&#8220;40px&#8220; bottom_divider_height_phone=&#8220;25px&#8220; bottom_divider_height_last_edited=&#8220;on|tablet&#8220; locked=&#8220;off&#8220; global_colors_info=&#8220;{}&#8220;][et_pb_row column_structure=&#8220;1_2,1_2&#8243; module_class=&#8220;inline-buttons-row&#8220; _builder_version=&#8220;4.27.0&#8243; width=&#8220;85%&#8220; custom_margin=&#8220;0px||0px||false|false&#8220; custom_padding=&#8220;0px||0px||false|false&#8220; custom_css_main_element=&#8220;display:flex;||flex-wrap:wrap;&#8220; global_colors_info=&#8220;{}&#8220;][et_pb_column type=&#8220;1_2&#8243; _builder_version=&#8220;4.16&#8243; global_colors_info=&#8220;{}&#8220; custom_css_main_element_last_edited=&#8220;on|tablet&#8220; custom_css_main_element_tablet=&#8220;order:2;&#8220; custom_css_main_element_phone=&#8220;order:2;&#8220;][et_pb_heading title=&#8220;\ud83c\udfcd P\u0159ipojte se k n\u00e1m na Indian Riders Fest 2026 &#8211; pos\u00edlen\u00ed postaven\u00ed \u017een na kolech s Indian Ladies First! \ud83c\udfcd&#8220; module_id=&#8220;history&#8220; _builder_version=&#8220;4.27.5&#8243; _module_preset=&#8220;default&#8220; custom_margin=&#8220;0px||0px||false|false&#8220; global_colors_info=&#8220;{}&#8220;][\/et_pb_heading][et_pb_text _builder_version=&#8220;4.27.5&#8243; _module_preset=&#8220;default&#8220; text_font=&#8220;|600|||||||&#8220; custom_margin=&#8220;||20px||false|false&#8220; global_colors_info=&#8220;{}&#8220;]<\/p>\n<p>Vol\u00e1me v\u0161echny inspirativn\u00ed nad\u0161enkyn\u011b Indian Motorcycle! Indian Riders Fest 2026 ve spolupr\u00e1ci se sdru\u017een\u00edm Indian Ladies First v\u00e1s zve na p\u0159elomov\u00e9 setk\u00e1n\u00ed na Lipn\u011b. Je to v\u00edc ne\u017e festival; je to oslava v\u00e1\u0161n\u011b, jednoty a pr\u016fkopnick\u00e9ho ducha, kter\u00fd definuje ka\u017edou jezdkyni, je\u017e ct\u00ed kultovn\u00ed zna\u010dku Indian Motorcycle.  <\/p>\n<p><strong>Sta\u0148te se sou\u010d\u00e1st\u00ed historie:<\/strong><br \/>Vznik asociace Indian Ladies First m\u00e1 ko\u0159eny v p\u0159elomov\u00e9m okam\u017eiku na Indian Riders Festu v roce 2022, po skon\u010den\u00ed epidemie. Tehdy Karine Turqui, prezidentka sdru\u017een\u00ed Indian Ladies First, spole\u010dn\u011b s Jean-Marie Guyon, organiz\u00e1torem Indian Riders Festu, vymysleli prvn\u00ed d\u00e1mskou j\u00edzdu na motocyklech Indian. Tato spolupr\u00e1ce podn\u00edtila vznik spolku \u201eLadies First\u201c na po\u010dest jezdky\u0148 a spolujezdky\u0148 motocykl\u016f Indian a postavila je do \u010dela slavn\u00e9 spanil\u00e9 j\u00edzdy IRF. Tato iniciativa vyzdvihuje temperamentn\u00ed komunitu \u017een, kter\u00e9 sd\u00edlej\u00ed v\u00e1\u0161e\u0148 pro otev\u0159en\u00e9 silnice a legend\u00e1rn\u00ed zna\u010dku Indian Motorcycle.   <\/p>\n<p>[\/et_pb_text][\/et_pb_column][et_pb_column type=&#8220;1_2&#8243; _builder_version=&#8220;4.16&#8243; global_colors_info=&#8220;{}&#8220; custom_css_main_element_tablet=&#8220;order:1;&#8220; custom_css_main_element_last_edited=&#8220;on|tablet&#8220; custom_css_main_element_phone=&#8220;order:1;&#8220;][et_pb_image src=&#8220;http:\/\/www.indianridersfest.eu\/wp-content\/uploads\/2026\/03\/ILF-01.jpg&#8220; alt=&#8220;ILF&#8220; title_text=&#8220;ILF-01&#8243; _builder_version=&#8220;4.27.5&#8243; global_colors_info=&#8220;{}&#8220;][\/et_pb_image][\/et_pb_column][\/et_pb_row][\/et_pb_section][et_pb_section fb_built=&#8220;1&#8243; _builder_version=&#8220;4.27.0&#8243; _module_preset=&#8220;default&#8220; background_color=&#8220;gcid-primary-color&#8220; custom_padding=&#8220;10px||5px|||&#8220; global_colors_info=&#8220;{%22gcid-primary-color%22:%91%22background_color%22%93}&#8220;][et_pb_row _builder_version=&#8220;4.27.4&#8243; _module_preset=&#8220;default&#8220; width=&#8220;85%&#8220; global_colors_info=&#8220;{}&#8220;][et_pb_column type=&#8220;4_4&#8243; _builder_version=&#8220;4.27.0&#8243; _module_preset=&#8220;default&#8220; global_colors_info=&#8220;{}&#8220;][et_pb_text module_id=&#8220;date&#8220; _builder_version=&#8220;4.27.5&#8243; _module_preset=&#8220;default&#8220; header_text_color=&#8220;#FFFFFF&#8220; header_3_text_color=&#8220;#FFFFFF&#8220; header_3_line_height=&#8220;1em&#8220; custom_margin=&#8220;0px||0px||false|false&#8220; global_colors_info=&#8220;{}&#8220;]<\/p>\n<h3>Novinky pro rok 2026<\/h3>\n<p>[\/et_pb_text][et_pb_divider color=&#8220;#FFFFFF&#8220; _builder_version=&#8220;4.27.4&#8243; _module_preset=&#8220;default&#8220; custom_margin=&#8220;0px||0px||false|false&#8220; custom_padding=&#8220;0px||0px||false|false&#8220; global_colors_info=&#8220;{}&#8220;][\/et_pb_divider][et_pb_text _builder_version=&#8220;4.27.5&#8243; _module_preset=&#8220;default&#8220; text_text_color=&#8220;#FFFFFF&#8220; global_colors_info=&#8220;{}&#8220;]<\/p>\n<p><strong>Prvn\u00ed v\u00fdro\u010dn\u00ed mezin\u00e1rodn\u00ed setk\u00e1n\u00ed indick\u00fdch dam na Lipn\u011b: Pond\u011bl\u00ed 15. &#8211; st\u0159eda 17. \u010dervna 2026:<\/strong><br \/>Setkejte se s kolegy jezdci z cel\u00e9ho sv\u011bta p\u0159ed festivalem, abyste se projeli, nav\u00e1zali kontakty a sd\u00edleli zku\u0161enosti. Je to perfektn\u00ed zah\u0159\u00edvac\u00ed kolo p\u0159ed IRF26 a vyhrazen\u00fd prostor pro \u017eeny, kter\u00e9 se cht\u011bj\u00ed spojit a v\u00e9st. <\/p>\n<p>[\/et_pb_text][et_pb_divider color=&#8220;#FFFFFF&#8220; _builder_version=&#8220;4.27.4&#8243; _module_preset=&#8220;default&#8220; custom_margin=&#8220;0px||0px||false|false&#8220; custom_padding=&#8220;0px||0px||false|false&#8220; global_colors_info=&#8220;{}&#8220;][\/et_pb_divider][et_pb_text _builder_version=&#8220;4.27.5&#8243; _module_preset=&#8220;default&#8220; text_text_color=&#8220;#FFFFFF&#8220; global_colors_info=&#8220;{}&#8220;]<\/p>\n<p><strong>125. v\u00fdro\u010d\u00ed zna\u010dky Indian Motorcycle na IRF26<\/strong><br \/>P\u0159ipojte se k n\u00e1m a oslavte 125 let zna\u010dky Indian Motorcycle b\u011bhem IRF26 speci\u00e1ln\u00edmi okam\u017eiky, skupinov\u00fdmi j\u00edzdami a poctami d\u011bdictv\u00ed zna\u010dky.<\/p>\n<p>[\/et_pb_text][et_pb_divider color=&#8220;#FFFFFF&#8220; _builder_version=&#8220;4.27.4&#8243; _module_preset=&#8220;default&#8220; custom_margin=&#8220;0px||0px||false|false&#8220; custom_padding=&#8220;0px||0px||false|false&#8220; global_colors_info=&#8220;{}&#8220;][\/et_pb_divider][\/et_pb_column][\/et_pb_row][\/et_pb_section][et_pb_section fb_built=&#8220;1&#8243; _builder_version=&#8220;4.27.0&#8243; _module_preset=&#8220;default&#8220; custom_margin=&#8220;0px||0px||false|false&#8220; custom_padding=&#8220;0px||0px||false|false&#8220; global_colors_info=&#8220;{}&#8220;][et_pb_row _builder_version=&#8220;4.27.0&#8243; _module_preset=&#8220;default&#8220; custom_margin_tablet=&#8220;&#8220; custom_margin_phone=&#8220;&#8220; custom_margin_last_edited=&#8220;on|phone&#8220; custom_padding=&#8220;20px||20px||false|false&#8220; global_colors_info=&#8220;{}&#8220;][et_pb_column type=&#8220;4_4&#8243; _builder_version=&#8220;4.27.0&#8243; _module_preset=&#8220;default&#8220; global_colors_info=&#8220;{}&#8220;][et_pb_gallery gallery_ids=&#8220;113632,113636,113738,113640,113644,113648,113730,113652,113656,113660,113664,113750,113668,113672,113746,113676,113680,113734,113684,113688,113692,113696,113700,113704,113708,113742&#8243; show_title_and_caption=&#8220;off&#8220; _builder_version=&#8220;4.27.5&#8243; _module_preset=&#8220;default&#8220; pagination_font=&#8220;&#8211;et_global_heading_font|||on|||||&#8220; pagination_font_size=&#8220;20px&#8220; background_color=&#8220;RGBA(255,255,255,0)&#8220; custom_margin=&#8220;0px||0px||false|false&#8220; custom_padding=&#8220;0px||0px||false|false&#8220; hover_enabled=&#8220;0&#8243; global_colors_info=&#8220;{}&#8220; sticky_enabled=&#8220;0&#8243;][\/et_pb_gallery][\/et_pb_column][\/et_pb_row][\/et_pb_section][et_pb_section fb_built=&#8220;1&#8243; custom_padding_last_edited=&#8220;on|phone&#8220; _builder_version=&#8220;4.27.0&#8243; _module_preset=&#8220;default&#8220; background_color=&#8220;gcid-primary-color&#8220; custom_margin=&#8220;0px||0px||false|false&#8220; custom_padding=&#8220;0px||0px||false|false&#8220; custom_padding_tablet=&#8220;&#8220; custom_padding_phone=&#8220;20px||0px||false|false&#8220; global_colors_info=&#8220;{%22gcid-primary-color%22:%91%22background_color%22%93}&#8220;][et_pb_row column_structure=&#8220;1_2,1_2&#8243; _builder_version=&#8220;4.27.4&#8243; _module_preset=&#8220;default&#8220; width=&#8220;85%&#8220; module_alignment=&#8220;center&#8220; custom_margin=&#8220;0px||0px||false|false&#8220; custom_padding=&#8220;40px||20px||false|false&#8220; global_colors_info=&#8220;{}&#8220;][et_pb_column type=&#8220;1_2&#8243; _builder_version=&#8220;4.27.0&#8243; _module_preset=&#8220;default&#8220; global_colors_info=&#8220;{}&#8220;][et_pb_image src=&#8220;http:\/\/www.indianridersfest.eu\/wp-content\/uploads\/2026\/03\/ILF-100.jpg&#8220; alt=&#8220;ILF<br \/>\n&#8220; title_text=&#8220;ILF-100&#8243; disabled_on=&#8220;off|off|off&#8220; _builder_version=&#8220;4.27.5&#8243; _module_preset=&#8220;default&#8220; z_index=&#8220;0&#8243; custom_margin=&#8220;0px||0px||false|false&#8220; custom_padding=&#8220;0px||0px||false|false&#8220; border_radii=&#8220;on|20px|20px|20px|20px&#8220; border_color_all=&#8220;gcid-primary-color&#8220; global_colors_info=&#8220;{%22gcid-primary-color%22:%91%22border_color_all%22%93}&#8220;][\/et_pb_image][\/et_pb_column][et_pb_column type=&#8220;1_2&#8243; _builder_version=&#8220;4.27.0&#8243; _module_preset=&#8220;default&#8220; custom_padding=&#8220;25px|||0px|false|false&#8220; global_colors_info=&#8220;{}&#8220;][et_pb_text _builder_version=&#8220;4.27.5&#8243; _module_preset=&#8220;default&#8220; header_3_font=&#8220;|800|||||||&#8220; header_3_text_color=&#8220;#FFFFFF&#8220; header_3_font_size=&#8220;55px&#8220; header_3_line_height=&#8220;1.1em&#8220; custom_margin=&#8220;||0px||false|false&#8220; custom_padding=&#8220;0px||0px|20px|false|false&#8220; header_3_font_size_phone=&#8220;40px&#8220; global_colors_info=&#8220;{}&#8220;]<\/p>\n<h3>O spole\u010dnosti Indian Ladies First<\/h3>\n<p>[\/et_pb_text][et_pb_text _builder_version=&#8220;4.27.5&#8243; _module_preset=&#8220;default&#8220; text_text_color=&#8220;#FFFFFF&#8220; text_font_size=&#8220;16px&#8220; text_line_height=&#8220;1.6em&#8220; custom_margin=&#8220;0px||15px||false|false&#8220; custom_padding=&#8220;0px||0px||false|false&#8220; text_font_size_tablet=&#8220;&#8220; text_font_size_phone=&#8220;14px&#8220; text_font_size_last_edited=&#8220;on|phone&#8220; global_colors_info=&#8220;{}&#8220;]<\/p>\n<p>Indian Ladies First se zrodila z v\u00fdznamn\u00e9 p\u0159ehl\u00eddky, kter\u00e1 zd\u016fraznila s\u00edlu \u017een v motocyklov\u00e9m sportu, a stala se mistrem prostoru, kde \u017eeny nejsou jen \u00fa\u010dastnicemi, ale i ikonami odvahy a svobody. Od tohoto miln\u00edku stoj\u00ed Indian Ladies First jako maj\u00e1k pro za\u010d\u00ednaj\u00edc\u00ed i zku\u0161en\u00e9 jezdkyn\u011b &#8211; povzbuzuje je k veden\u00ed, inspiraci a rozkv\u011btu v r\u00e1mci celosv\u011btov\u00e9 komunity Indian Motorcycle. <\/p>\n<p>Sta\u0148te se sou\u010d\u00e1st\u00ed historie na Lipn\u011b, kde se sejdeme na v\u00fdro\u010dn\u00edm mezin\u00e1rodn\u00edm setk\u00e1n\u00ed Indian Ladies First a pot\u00e9 se rovnou vrhneme na oslavy 125 let Indian Motorcycle IRF26.<\/p>\n<p>Z\u016fsta\u0148te nalad\u011bni: \u00dapln\u00fd rozvrh a podrobnosti o registraci na setk\u00e1n\u00ed a IRF26 budou ozn\u00e1meny na na\u0161ich ofici\u00e1ln\u00edch kan\u00e1lech.<\/p>\n<p>[\/et_pb_text][et_pb_button button_url=&#8220;mailto:%20indian.ladiesfirst@gmail.com&#8220; button_text=&#8220;SPOJTE SE S INDIAN LADIES FIRST&#8220; _builder_version=&#8220;4.27.4&#8243; _module_preset=&#8220;8e8220fd-e972-468b-9dfb-e43ff5367d3a&#8220; custom_margin=&#8220;10px|15px|30px||false|false&#8220; global_colors_info=&#8220;{}&#8220; transform_styles__hover_enabled=&#8220;on|desktop&#8220; transform_scale__hover_enabled=&#8220;on|desktop&#8220;][\/et_pb_button][\/et_pb_column][\/et_pb_row][\/et_pb_section]<\/p>\n","protected":false},"excerpt":{"rendered":"<p>INDIAN LADIES FIRST &#8211; IRFVol\u00e1me v\u0161echny inspirativn\u00ed nad\u0161enkyn\u011b Indian Motorcycle! Indian Riders Fest 2026 ve spolupr\u00e1ci se sdru\u017een\u00edm Indian Ladies First v\u00e1s zve na p\u0159elomov\u00e9 setk\u00e1n\u00ed na Lipn\u011b. Je to v\u00edc ne\u017e festival; je to oslava v\u00e1\u0161n\u011b, jednoty a pr\u016fkopnick\u00e9ho ducha, kter\u00fd definuje ka\u017edou jezdkyni, je\u017e ct\u00ed kultovn\u00ed zna\u010dku Indian Motorcycle. Sta\u0148te se sou\u010d\u00e1st\u00ed historie:Vznik [&hellip;]<\/p>\n","protected":false},"author":1,"featured_media":0,"parent":0,"menu_order":0,"comment_status":"closed","ping_status":"closed","template":"","meta":{"_et_pb_use_builder":"on","_et_pb_old_content":"","_et_gb_content_width":"","footnotes":""},"class_list":["post-108356","page","type-page","status-publish","hentry"],"_links":{"self":[{"href":"https:\/\/www.indianridersfest.eu\/cs\/wp-json\/wp\/v2\/pages\/108356","targetHints":{"allow":["GET"]}}],"collection":[{"href":"https:\/\/www.indianridersfest.eu\/cs\/wp-json\/wp\/v2\/pages"}],"about":[{"href":"https:\/\/www.indianridersfest.eu\/cs\/wp-json\/wp\/v2\/types\/page"}],"author":[{"embeddable":true,"href":"https:\/\/www.indianridersfest.eu\/cs\/wp-json\/wp\/v2\/users\/1"}],"replies":[{"embeddable":true,"href":"https:\/\/www.indianridersfest.eu\/cs\/wp-json\/wp\/v2\/comments?post=108356"}],"version-history":[{"count":16,"href":"https:\/\/www.indianridersfest.eu\/cs\/wp-json\/wp\/v2\/pages\/108356\/revisions"}],"predecessor-version":[{"id":113768,"href":"https:\/\/www.indianridersfest.eu\/cs\/wp-json\/wp\/v2\/pages\/108356\/revisions\/113768"}],"wp:attachment":[{"href":"https:\/\/www.indianridersfest.eu\/cs\/wp-json\/wp\/v2\/media?parent=108356"}],"curies":[{"name":"wp","href":"https:\/\/api.w.org\/{rel}","templated":true}]}}